{"id":34,"date":"2020-12-13T15:44:38","date_gmt":"2020-12-13T14:44:38","guid":{"rendered":"http:\/\/6294866244483.hostingkunde.de\/?page_id=34"},"modified":"2026-01-30T12:58:40","modified_gmt":"2026-01-30T11:58:40","slug":"datenschutz","status":"publish","type":"page","link":"https:\/\/psychotherapie-weissinger.de\/?page_id=34","title":{"rendered":"Datenschutz"},"content":{"rendered":"<p>[av_one_full first min_height=&#8220; vertical_alignment=&#8220; space=&#8220; row_boxshadow=&#8220; row_boxshadow_color=&#8220; row_boxshadow_width=&#8217;10&#8216; custom_margin=&#8220; margin=&#8217;0px&#8216; mobile_breaking=&#8220; border=&#8220; border_color=&#8220; radius=&#8217;0px&#8216; padding=&#8217;0px&#8216; column_boxshadow=&#8220; column_boxshadow_color=&#8220; column_boxshadow_width=&#8217;10&#8216; background=&#8217;bg_color&#8216; background_color=&#8220; background_gradient_color1=&#8220; background_gradient_color2=&#8220; background_gradient_direction=&#8217;vertical&#8216; src=&#8220; background_position=&#8217;top left&#8216; background_repeat=&#8217;no-repeat&#8216; highlight=&#8220; highlight_size=&#8220; animation=&#8220; link=&#8220; linktarget=&#8220; link_hover=&#8220; title_attr=&#8220; alt_attr=&#8220; mobile_display=&#8220; id=&#8220; custom_class=&#8220; aria_label=&#8220; av_uid=&#8217;av-qjky&#8216;]<br \/>\n[av_textblock size=&#8217;28&#8216; av-medium-font-size=&#8220; av-small-font-size=&#8220; av-mini-font-size=&#8220; font_color=&#8217;custom&#8216; color=&#8217;#c9204a&#8216; id=&#8220; custom_class=&#8220; av_uid=&#8217;av-kin95ntu&#8216; admin_preview_bg=&#8220;]<br \/>\n<strong>Datenschutzerkl\u00e4rung<\/strong><br \/>\n[\/av_textblock]<br \/>\n[\/av_one_full]<\/p>\n<p>[av_one_half first min_height=&#8220; vertical_alignment=&#8220; space=&#8220; row_boxshadow=&#8220; row_boxshadow_color=&#8220; row_boxshadow_width=&#8217;10&#8216; custom_margin=&#8220; margin=&#8217;0px&#8216; mobile_breaking=&#8220; border=&#8220; border_color=&#8220; radius=&#8217;0px&#8216; padding=&#8217;0px&#8216; column_boxshadow=&#8220; column_boxshadow_color=&#8220; column_boxshadow_width=&#8217;10&#8216; background=&#8217;bg_color&#8216; background_color=&#8220; background_gradient_color1=&#8220; background_gradient_color2=&#8220; background_gradient_direction=&#8217;vertical&#8216; src=&#8220; background_position=&#8217;top left&#8216; background_repeat=&#8217;no-repeat&#8216; highlight=&#8220; highlight_size=&#8220; animation=&#8220; link=&#8220; linktarget=&#8220; link_hover=&#8220; title_attr=&#8220; alt_attr=&#8220; mobile_display=&#8220; id=&#8220; custom_class=&#8220; aria_label=&#8220; av_uid=&#8217;av-1nrc6&#8242;]<\/p>\n<p>[av_textblock size=&#8220; av-medium-font-size=&#8220; av-small-font-size=&#8220; av-mini-font-size=&#8220; font_color=&#8220; color=&#8220; id=&#8220; custom_class=&#8220; av_uid=&#8217;av-kin8l050&#8242; admin_preview_bg=&#8220;]<br \/>\nWir bedanken uns f\u00fcr Ihren Besuch auf unserer Webseite. Der sicherere Umgang mit Ihren Daten ist uns besonders wichtig. Wir m\u00f6chten Sie daher ausf\u00fchrlich \u00fcber die Verwendung Ihrer Daten bei dem Besuch unseres Webauftritts informieren.<\/p>\n<p><strong>Verantwortlich f\u00fcr den Datenschutz<br \/>\n<\/strong>Dipl.-Psych. Gabriela Weissinger<br \/>\nLeuschnerstra\u00dfe 3<br \/>\n70174 Stuttgart<br \/>\nTel. 01575 9647014<\/p>\n<p><strong> Rechtsgrundlage der Verarbeitung<br \/>\n<\/strong>Art. 6 Abs. 1 S. 1 lit. a DSGVO dient unserem Unternehmen als Rechtsgrundlage f\u00fcr Verarbeitungsvorg\u00e4nge, bei denen wir eine Einwilligung f\u00fcr einen bestimmten Verarbeitungszweck einholen. Ist die Verarbeitung personenbezogener Daten zur Erf\u00fcllung eines Vertrags, dessen Vertragspartei die betroffene Person ist, erforderlich, wie dies beispielsweise bei Verarbeitungsvorg\u00e4ngen der Fall ist, die f\u00fcr eine Lieferung von Waren oder die Erbringung einer sonstigen Leistung oder Gegenleistung notwendig sind, so beruht die Verarbeitung auf Art. 6 Abs. S. 1 lit. b DSGVO. Gleiches gilt f\u00fcr solche Verarbeitungsvorg\u00e4nge, die zur Durchf\u00fchrung vorvertraglicher Ma\u00dfnahmen erforderlich sind, etwa in F\u00e4llen von Anfragen zur unseren Produkten oder Leistungen. Unterliegt unser Unternehmen einer rechtlichen Verpflichtung, durch welche eine Verarbeitung von personenbezogenen Daten erforderlich wird, wie beispielsweise zur Erf\u00fcllung steuerlicher Pflichten, so basiert die Verarbeitung auf Art. 6 Abs. S. 1 lit. c DSGVO. In seltenen F\u00e4llen k\u00f6nnte die Verarbeitung von personenbezogenen Daten erforderlich werden, um lebenswichtige Interessen der betroffenen Person oder einer anderen nat\u00fcrlichen Person zu sch\u00fctzen, Art. 6 Abs. S. 1 lit. d DSGVO. Letztlich k\u00f6nnten Verarbeitungsvorg\u00e4nge auch auf Art. 6 Abs. S. 1 lit. f DSGVO beruhen. Auf dieser Rechtsgrundlage basieren Verarbeitungsvorg\u00e4nge, die von keiner der vorgenannten Rechtsgrundlagen erfasst werden, wenn die Verarbeitung zur Wahrung eines berechtigten Interesses unseres Unternehmens oder eines Dritten erforderlich ist, sofern die Interessen, Grundrechte und Grundfreiheiten des Betroffenen nicht \u00fcberwiegen.<\/p>\n<p><strong><br \/>\nWeitergabe von Daten<br \/>\n<\/strong>Eine \u00dcbermittlung Ihrer pers\u00f6nlichen Daten an Dritte zu anderen als den im Folgenden aufgef\u00fchrten Zwecken findet nicht statt. Wir geben Ihre pers\u00f6nlichen Daten an Dritte nur weiter, wenn:<\/p>\n<ul>\n<li>Sie Ihre\u00a0nach Art. 6 Abs. 1 S. 1 lit. a DSGVO ausdr\u00fcckliche Einwilligung dazu erteilt haben,<\/li>\n<li>die Weitergabe nach Art. 6 Abs. 1 S. 1 lit. f DSGVO zur Geltendmachung, Aus\u00fcbung oder Verteidigung von Rechtsanspr\u00fcchen erforderlich ist und kein Grund zur Annahme besteht, dass Sie ein \u00fcberwiegendes schutzw\u00fcrdiges Interesse an der Nichtweitergabe Ihrer Daten haben,<\/li>\n<li>f\u00fcr den Fall, dass f\u00fcr die Weitergabe nach Art. 6 Abs. 1 S. 1 lit. c DSGVO eine gesetzliche Verpflichtung besteht, sowie<\/li>\n<li>dies gesetzlich zul\u00e4ssig und nach Art. 6 Abs. 1 S. 1 lit. b DSGVO f\u00fcr die Abwicklung von Vertragsverh\u00e4ltnissen mit Ihnen erforderlich ist.<\/li>\n<\/ul>\n<p><strong>Betroffenenrechte<br \/>\n<\/strong>Sie haben das Recht:<br \/>\ngem\u00e4\u00df Art. 15 DSGVO Auskunft \u00fcber Ihre von uns verarbeiteten personenbezogenen Daten zu verlangen. Insbesondere k\u00f6nnen Sie Auskunft \u00fcber die Verarbeitungszwecke, die Kategorie der personenbezogenen Daten, die Kategorien von Empf\u00e4ngern, gegen\u00fcber denen Ihre Daten offengelegt wurden oder werden, die geplante Speicherdauer, das Bestehen eines Rechts auf Berichtigung, L\u00f6schung, Einschr\u00e4nkung der Verarbeitung oder Widerspruch, das Bestehen eines Beschwerderechts, die Herkunft ihrer Daten, sofern diese nicht bei uns erhoben wurden, sowie \u00fcber das Bestehen einer automatisierten Entscheidungsfindung einschlie\u00dflich Profiling und ggf. aussagekr\u00e4ftigen Informationen zu deren Einzelheiten verlangen;<\/p>\n<ul>\n<li>gem\u00e4\u00df Art. 16 DSGVO unverz\u00fcglich die Berichtigung unrichtiger oder Vervollst\u00e4ndigung Ihrer bei uns gespeicherten personenbezogenen Daten zu verlangen;<\/li>\n<li>gem\u00e4\u00df Art. 17 DSGVO die L\u00f6schung Ihrer bei uns gespeicherten personenbezogenen Daten zu verlangen, soweit nicht die Verarbeitung zur Aus\u00fcbung des Rechts auf freie Meinungs\u00e4u\u00dferung und Information, zur Erf\u00fcllung einer rechtlichen Verpflichtung, aus Gr\u00fcnden des \u00f6ffentlichen Interesses oder zur Geltendmachung, Aus\u00fcbung oder Verteidigung von Rechtsanspr\u00fcchen erforderlich ist;<\/li>\n<li>gem\u00e4\u00df Art. 18 DSGVO die Einschr\u00e4nkung der Verarbeitung Ihrer personenbezogenen Daten zu verlangen, soweit die Richtigkeit der Daten von Ihnen bestritten wird, die Verarbeitung unrechtm\u00e4\u00dfig ist, Sie aber deren L\u00f6schung ablehnen und wir die Daten nicht mehr ben\u00f6tigen, Sie jedoch diese zur Geltendmachung, Aus\u00fcbung oder Verteidigung von Rechtsanspr\u00fcchen ben\u00f6tigen oder Sie gem\u00e4\u00df Art. 21 DSGVO Widerspruch gegen die Verarbeitung eingelegt haben;<\/li>\n<li>gem\u00e4\u00df Art. 20 DSGVO Ihre personenbezogenen Daten, die Sie uns bereitgestellt haben, in einem strukturierten, g\u00e4ngigen und maschinenlesbaren Format zu erhalten oder die \u00dcbermittlung an einen anderen Verantwortlichen zu verlangen;<\/li>\n<li>gem\u00e4\u00df Art. 7 Abs. 3 DSGVO Ihre einmal erteilte Einwilligung jederzeit uns gegen\u00fcber zu widerrufen. Dies hat zur Folge, dass wir die Datenverarbeitung, die auf dieser Einwilligung beruhte, f\u00fcr die Zukunft nicht mehr fortf\u00fchren d\u00fcrfen und<\/li>\n<li>gem\u00e4\u00df Art. 77 DSGVO haben Sie unbeschadet eines anderweitigen verwaltungsrechtlichen oder gerichtlichen Rechtsbehelfs das Recht, sich bei einer Aufsichtsbeh\u00f6rde zu beschweren. In der Regel k\u00f6nnen Sie sich hierf\u00fcr an die Aufsichtsbeh\u00f6rde Ihres \u00fcblichen Aufenthaltsortes oder Arbeitsplatzes oder den Ort des Orts des mutma\u00dflichen Versto\u00dfes wenden, wenn die betroffene Person der Ansicht ist, dass die Verarbeitung der sie betreffenden personenbezogenen Daten gegen die Datenschutzgrundverordnung der EU (DS-GVO) verst\u00f6\u00dft.<\/li>\n<\/ul>\n<p>[\/av_textblock]<\/p>\n<p>[\/av_one_half][av_one_half min_height=&#8220; vertical_alignment=&#8220; space=&#8220; row_boxshadow=&#8220; row_boxshadow_color=&#8220; row_boxshadow_width=&#8217;10&#8216; custom_margin=&#8220; margin=&#8217;0px&#8216; mobile_breaking=&#8220; border=&#8220; border_color=&#8220; radius=&#8217;0px&#8216; padding=&#8217;0px&#8216; column_boxshadow=&#8220; column_boxshadow_color=&#8220; column_boxshadow_width=&#8217;10&#8216; background=&#8217;bg_color&#8216; background_color=&#8220; background_gradient_color1=&#8220; background_gradient_color2=&#8220; background_gradient_direction=&#8217;vertical&#8216; src=&#8220; background_position=&#8217;top left&#8216; background_repeat=&#8217;no-repeat&#8216; highlight=&#8220; highlight_size=&#8220; animation=&#8220; link=&#8220; linktarget=&#8220; link_hover=&#8220; title_attr=&#8220; alt_attr=&#8220; mobile_display=&#8220; id=&#8220; custom_class=&#8220; aria_label=&#8220; av_uid=&#8217;av-11ipy&#8216;]<br \/>\n[av_textblock size=&#8220; av-medium-font-size=&#8220; av-small-font-size=&#8220; av-mini-font-size=&#8220; font_color=&#8220; color=&#8220; id=&#8220; custom_class=&#8220; av_uid=&#8217;av-kin8le8i&#8216; admin_preview_bg=&#8220;]<br \/>\n<strong>Auskunftsrecht, Recht auf Berichtigung, Sperrung, L\u00f6schung, Widerspruch<br \/>\n<\/strong>Auf schriftliche Anfrage informieren wir Sie \u00fcber die zu Ihrer Person durch uns gespeicherten Daten. Sie haben auch ein Recht auf Berichtigung, Sperrung, Widerspruch oder L\u00f6schung dieser Daten. Die Anfrage ist an unsere im Impressum der Webseite angegebene Adresse zu richten.<\/p>\n<p><strong>Widerrufsrecht<br \/>\n<\/strong>Sofern Ihre personenbezogenen Daten auf Grundlage von berechtigten Interessen erarbeitet werden, haben Sie das Recht, gem\u00e4\u00df Art. 21 DSGVO Widerspruch gegen die Verarbeitung Ihrer personenbezogenen Daten einzulegen, soweit daf\u00fcr Gr\u00fcnde vorliegen, die sich aus Ihrer besonderen Situation ergeben oder sich der Widerspruch gegen Direktwerbung richtet. Im letzteren Fall haben Sie ein generelles Widerspruchsrecht, das ohne Angabe einer besonderen Situation von mir umgesetzt wird. M\u00f6chten Sie von Ihrem Widerrufs- oder Widerspruchsrecht Gebrauch machen, gen\u00fcgt eine E-Mail an unsere im Impressum der Webseite angegebene Adresse.<\/p>\n<p><strong> Allgemeine Erhebung von Daten<br \/>\n<\/strong>Wenn Sie auf unsere Webseite zugreifen oder eine Datei abrufen, werden Daten \u00fcber diesen Vorgang in einer Protokolldatei auf unserem Webserver gespeichert. Im Einzelnen k\u00f6nnen folgende Daten gespeichert werden:<\/p>\n<ul>\n<li>IP-Adresse (wenn m\u00f6glich, wird diese anonymisiert gespeichert)<\/li>\n<li>Domain-Name der Webseite, von der Sie kamen<\/li>\n<li>Namen der abgerufenen Dateien<\/li>\n<li>Datum und Uhrzeit eines Abrufs<\/li>\n<li>Name Ihres Internet Service Providers<\/li>\n<li>sowie ggf. Betriebssystem und Browserversion Ihres Endger\u00e4ts<\/li>\n<\/ul>\n<p>IP-Adressen speichern wir nur aus Datensicherheitsgr\u00fcnden, um die Stabilit\u00e4t und die Sicherheit unseres Systems zu gew\u00e4hrleisten (Rechtsgrundlage: Art. 6 Abs. 1 lit. f DSGVO). Die statistische Auswertung anonymisierter Datens\u00e4tze bleibt vorbehalten.<\/p>\n<p><strong>\u00a0<\/strong><\/p>\n<p><strong>Kontaktformulare<br \/>\n<\/strong>Wenn Sie uns per Kontaktformular Anfragen zukommen lassen, werden Ihre Angaben aus dem Anfrageformular inklusive der von Ihnen dort angegebenen Kontaktdaten zwecks Bearbeitung der Anfrage und f\u00fcr den Fall von Anschlussfragen bei uns gespeichert und verarbeitet. Ihre Daten werden ausschlie\u00dflich zweckgebunden zur Beantwortung und Bearbeitung Ihrer Frage genutzt. Die Datenverarbeitung erfolgt hier nach Art. 6 Abs. 1 S. 1 lit. a DSGVO auf Grundlage Ihrer freiwillig erteilten Einwilligung. Sie k\u00f6nnen dem jederzeit widersprechen (Widerrufsrecht).<\/p>\n<p><strong><br \/>\nRecht auf Daten\u00fcbertragbarkeit<br \/>\n<\/strong>Sie haben das Recht die Sie betreffenden personenbezogenen Daten, die Sie uns bereitgestellt haben, in einem strukturierten, g\u00e4ngigen und maschinenlesbaren Format zu erhalten.<\/p>\n<p><strong>SSL-Verschl\u00fcsselung<br \/>\n<\/strong>Diese Website nutzt die SSL-Verschl\u00fcsselung (Secure Socket Layer) f\u00fcr die \u00dcbertragung von Daten Ihres Browsers zu unserem Server und zu Servern, die Dateien bereitstellen, welche wir auf unserer Webseite einbinden. Mit SSL werden Daten verschl\u00fcsselt \u00fcbertragen. Die Daten sind nicht ver\u00e4nderbar und der Absender kann identifiziert werden. Sie erkennen das Vorhandensein der SSL-Verschl\u00fcsselung anhand des vorangestellten Textes &#8222;https&#8220; vor der Adresse der Webseite, die sie im Browser aufrufen.<\/p>\n<p><strong>Recht auf Beschwerde bei einer Aufsichtsbeh\u00f6rde<br \/>\n<\/strong>Jede betroffene Person hat unbeschadet eines anderweitigen verwaltungsrechtlichen oder gerichtlichen Rechtsbehelfs das Recht auf Beschwerde bei einer Aufsichtsbeh\u00f6rde, insbesondere in dem Mitgliedstaat ihres Aufenthaltsorts, ihres Arbeitsplatzes oder des Orts des mutma\u00dflichen Versto\u00dfes, wenn die betroffene Person der Ansicht ist, dass die Verarbeitung der sie betreffenden personenbezogenen Daten gegen die Datenschutzgrundverordnung der EU (DS-GVO) verst\u00f6\u00dft.<\/p>\n<p><strong>Sicherheitshinweis<br \/>\n<\/strong>Wir sichern unsere Webseite und sonstige IT-Systeme durch geeignete technische und organisatorische Ma\u00dfnahmen gegen Verlust, Zerst\u00f6rung, unberechtigten Zugriff, unberechtigte Ver\u00e4nderung oder unberechtigte Verbreitung Ihrer Daten ab. Ein vollst\u00e4ndiger Schutz gegen alle Gefahren ist praktisch trotz aller Sorgfalt jedoch nicht in jedem Fall m\u00f6glich. Weil bei der Kommunikation per E-Mail die vollst\u00e4ndige Datensicherheit von uns nicht gew\u00e4hrleistet werden kann, empfehlen wir zur \u00dcbermittlung von vertraulichen Informationen den Postweg.<\/p>\n<p><strong>\u00c4nderungen dieser Datenschutzerkl\u00e4rung<br \/>\n<\/strong>Wir behalten uns vor, diese Datenschutzerkl\u00e4rung zu \u00e4ndern, wenn sich die Rechtslage oder dieses Online-Angebot oder die Art der Datenerfassung \u00e4ndert. Dies gilt jedoch nur bez\u00fcglich Erkl\u00e4rungen zur Datenverarbeitung. Sofern eine Einwilligung des Nutzers notwendig ist oder Bestandteile der Datenschutzerkl\u00e4rung eine Regelung des Vertragsverh\u00e4ltnisses mit Nutzern enthalten, erfolgt die \u00c4nderung der Datenschutzerkl\u00e4rung nur nach Zustimmung des Nutzers.<\/p>\n<p>Bitte informieren Sie sich daher bei Bedarf \u00fcber diese Datenschutzerkl\u00e4rung, insbesondere, wenn Sie personenbezogene Daten mitteilen.<br \/>\n[\/av_textblock]<br \/>\n[\/av_one_half]<\/p>\n","protected":false},"excerpt":{"rendered":"<p>[av_one_full first min_height=&#8220; vertical_alignment=&#8220; space=&#8220; row_boxshadow=&#8220; row_boxshadow_color=&#8220; row_boxshadow_width=&#8217;10&#8216; custom_margin=&#8220; margin=&#8217;0px&#8216; mobile_breaking=&#8220; border=&#8220; border_color=&#8220; radius=&#8217;0px&#8216; padding=&#8217;0px&#8216; column_boxshadow=&#8220; column_boxshadow_color=&#8220; column_boxshadow_width=&#8217;10&#8216; background=&#8217;bg_color&#8216; background_color=&#8220; background_gradient_color1=&#8220; background_gradient_color2=&#8220; background_gradient_direction=&#8217;vertical&#8216; src=&#8220; background_position=&#8217;top left&#8216; background_repeat=&#8217;no-repeat&#8216; highlight=&#8220; highlight_size=&#8220; animation=&#8220; link=&#8220; linktarget=&#8220; link_hover=&#8220; title_attr=&#8220; alt_attr=&#8220; mobile_display=&#8220; id=&#8220; custom_class=&#8220; aria_label=&#8220; av_uid=&#8217;av-qjky&#8216;] [av_textblock size=&#8217;28&#8216; av-medium-font-size=&#8220; av-small-font-size=&#8220; av-mini-font-size=&#8220; font_color=&#8217;custom&#8216; color=&#8217;#c9204a&#8216; id=&#8220; custom_class=&#8220; av_uid=&#8217;av-kin95ntu&#8216; admin_preview_bg=&#8220;] Datenschutzerkl\u00e4rung [\/av_textblock] [\/av_one_full] [av_one_half &hellip; <a href=\"https:\/\/psychotherapie-weissinger.de\/?page_id=34\" class=\"more-link\"><span class=\"screen-reader-text\">Datenschutz<\/span> weiterlesen <span class=\"meta-nav\">&rarr;<\/span><\/a><\/p>\n","protected":false},"author":1,"featured_media":0,"parent":0,"menu_order":0,"comment_status":"closed","ping_status":"closed","template":"","meta":{"footnotes":""},"class_list":["post-34","page","type-page","status-publish","hentry"],"yoast_head":"<!-- This site is optimized with the Yoast SEO plugin v27.5 - https:\/\/yoast.com\/product\/yoast-seo-wordpress\/ -->\n<title>Datenschutz - Psychotherapie Weissinger<\/title>\n<meta name=\"robots\" content=\"index, follow, max-snippet:-1, max-image-preview:large, max-video-preview:-1\" \/>\n<link rel=\"canonical\" href=\"https:\/\/psychotherapie-weissinger.de\/?page_id=34\" \/>\n<meta property=\"og:locale\" content=\"de_DE\" \/>\n<meta property=\"og:type\" content=\"article\" \/>\n<meta property=\"og:title\" content=\"Datenschutz - Psychotherapie Weissinger\" \/>\n<meta property=\"og:description\" content=\"[av_one_full first min_height=&#8220; vertical_alignment=&#8220; space=&#8220; row_boxshadow=&#8220; row_boxshadow_color=&#8220; row_boxshadow_width=&#8217;10&#8216; custom_margin=&#8220; margin=&#8217;0px&#8216; mobile_breaking=&#8220; border=&#8220; border_color=&#8220; radius=&#8217;0px&#8216; padding=&#8217;0px&#8216; column_boxshadow=&#8220; column_boxshadow_color=&#8220; column_boxshadow_width=&#8217;10&#8216; background=&#8217;bg_color&#8216; background_color=&#8220; background_gradient_color1=&#8220; background_gradient_color2=&#8220; background_gradient_direction=&#8217;vertical&#8216; src=&#8220; background_position=&#8217;top left&#8216; background_repeat=&#8217;no-repeat&#8216; highlight=&#8220; highlight_size=&#8220; animation=&#8220; link=&#8220; linktarget=&#8220; link_hover=&#8220; title_attr=&#8220; alt_attr=&#8220; mobile_display=&#8220; id=&#8220; custom_class=&#8220; aria_label=&#8220; av_uid=&#8217;av-qjky&#8216;] [av_textblock size=&#8217;28&#8216; av-medium-font-size=&#8220; av-small-font-size=&#8220; av-mini-font-size=&#8220; font_color=&#8217;custom&#8216; color=&#8217;#c9204a&#8216; id=&#8220; custom_class=&#8220; av_uid=&#8217;av-kin95ntu&#8216; admin_preview_bg=&#8220;] Datenschutzerkl\u00e4rung [\/av_textblock] [\/av_one_full] [av_one_half &hellip; Datenschutz weiterlesen &rarr;\" \/>\n<meta property=\"og:url\" content=\"https:\/\/psychotherapie-weissinger.de\/?page_id=34\" \/>\n<meta property=\"og:site_name\" content=\"Psychotherapie Weissinger\" \/>\n<meta property=\"article:modified_time\" content=\"2026-01-30T11:58:40+00:00\" \/>\n<meta name=\"twitter:card\" content=\"summary_large_image\" \/>\n<meta name=\"twitter:label1\" content=\"Gesch\u00e4tzte Lesezeit\" \/>\n\t<meta name=\"twitter:data1\" content=\"9\u00a0Minuten\" \/>\n<script type=\"application\/ld+json\" class=\"yoast-schema-graph\">{\"@context\":\"https:\\\/\\\/schema.org\",\"@graph\":[{\"@type\":\"WebPage\",\"@id\":\"https:\\\/\\\/psychotherapie-weissinger.de\\\/?page_id=34\",\"url\":\"https:\\\/\\\/psychotherapie-weissinger.de\\\/?page_id=34\",\"name\":\"Datenschutz - Psychotherapie Weissinger\",\"isPartOf\":{\"@id\":\"https:\\\/\\\/psychotherapie-weissinger.de\\\/#website\"},\"datePublished\":\"2020-12-13T14:44:38+00:00\",\"dateModified\":\"2026-01-30T11:58:40+00:00\",\"breadcrumb\":{\"@id\":\"https:\\\/\\\/psychotherapie-weissinger.de\\\/?page_id=34#breadcrumb\"},\"inLanguage\":\"de\",\"potentialAction\":[{\"@type\":\"ReadAction\",\"target\":[\"https:\\\/\\\/psychotherapie-weissinger.de\\\/?page_id=34\"]}]},{\"@type\":\"BreadcrumbList\",\"@id\":\"https:\\\/\\\/psychotherapie-weissinger.de\\\/?page_id=34#breadcrumb\",\"itemListElement\":[{\"@type\":\"ListItem\",\"position\":1,\"name\":\"Startseite\",\"item\":\"https:\\\/\\\/psychotherapie-weissinger.de\\\/\"},{\"@type\":\"ListItem\",\"position\":2,\"name\":\"Datenschutz\"}]},{\"@type\":\"WebSite\",\"@id\":\"https:\\\/\\\/psychotherapie-weissinger.de\\\/#website\",\"url\":\"https:\\\/\\\/psychotherapie-weissinger.de\\\/\",\"name\":\"Psychotherapie Weissinger\",\"description\":\"\",\"publisher\":{\"@id\":\"https:\\\/\\\/psychotherapie-weissinger.de\\\/#\\\/schema\\\/person\\\/adc74c4e870871782b4d918611217a15\"},\"potentialAction\":[{\"@type\":\"SearchAction\",\"target\":{\"@type\":\"EntryPoint\",\"urlTemplate\":\"https:\\\/\\\/psychotherapie-weissinger.de\\\/?s={search_term_string}\"},\"query-input\":{\"@type\":\"PropertyValueSpecification\",\"valueRequired\":true,\"valueName\":\"search_term_string\"}}],\"inLanguage\":\"de\"},{\"@type\":[\"Person\",\"Organization\"],\"@id\":\"https:\\\/\\\/psychotherapie-weissinger.de\\\/#\\\/schema\\\/person\\\/adc74c4e870871782b4d918611217a15\",\"name\":\"admin\",\"image\":{\"@type\":\"ImageObject\",\"inLanguage\":\"de\",\"@id\":\"https:\\\/\\\/secure.gravatar.com\\\/avatar\\\/c0b97d87491b6e94f11f95b08a10b24d3c993fddd21f1e2e6e72781b2cd7f39a?s=96&d=mm&r=g\",\"url\":\"https:\\\/\\\/secure.gravatar.com\\\/avatar\\\/c0b97d87491b6e94f11f95b08a10b24d3c993fddd21f1e2e6e72781b2cd7f39a?s=96&d=mm&r=g\",\"contentUrl\":\"https:\\\/\\\/secure.gravatar.com\\\/avatar\\\/c0b97d87491b6e94f11f95b08a10b24d3c993fddd21f1e2e6e72781b2cd7f39a?s=96&d=mm&r=g\",\"caption\":\"admin\"},\"logo\":{\"@id\":\"https:\\\/\\\/secure.gravatar.com\\\/avatar\\\/c0b97d87491b6e94f11f95b08a10b24d3c993fddd21f1e2e6e72781b2cd7f39a?s=96&d=mm&r=g\"}}]}<\/script>\n<!-- \/ Yoast SEO plugin. -->","yoast_head_json":{"title":"Datenschutz - Psychotherapie Weissinger","robots":{"index":"index","follow":"follow","max-snippet":"max-snippet:-1","max-image-preview":"max-image-preview:large","max-video-preview":"max-video-preview:-1"},"canonical":"https:\/\/psychotherapie-weissinger.de\/?page_id=34","og_locale":"de_DE","og_type":"article","og_title":"Datenschutz - Psychotherapie Weissinger","og_description":"[av_one_full first min_height=&#8220; vertical_alignment=&#8220; space=&#8220; row_boxshadow=&#8220; row_boxshadow_color=&#8220; row_boxshadow_width=&#8217;10&#8216; custom_margin=&#8220; margin=&#8217;0px&#8216; mobile_breaking=&#8220; border=&#8220; border_color=&#8220; radius=&#8217;0px&#8216; padding=&#8217;0px&#8216; column_boxshadow=&#8220; column_boxshadow_color=&#8220; column_boxshadow_width=&#8217;10&#8216; background=&#8217;bg_color&#8216; background_color=&#8220; background_gradient_color1=&#8220; background_gradient_color2=&#8220; background_gradient_direction=&#8217;vertical&#8216; src=&#8220; background_position=&#8217;top left&#8216; background_repeat=&#8217;no-repeat&#8216; highlight=&#8220; highlight_size=&#8220; animation=&#8220; link=&#8220; linktarget=&#8220; link_hover=&#8220; title_attr=&#8220; alt_attr=&#8220; mobile_display=&#8220; id=&#8220; custom_class=&#8220; aria_label=&#8220; av_uid=&#8217;av-qjky&#8216;] [av_textblock size=&#8217;28&#8216; av-medium-font-size=&#8220; av-small-font-size=&#8220; av-mini-font-size=&#8220; font_color=&#8217;custom&#8216; color=&#8217;#c9204a&#8216; id=&#8220; custom_class=&#8220; av_uid=&#8217;av-kin95ntu&#8216; admin_preview_bg=&#8220;] Datenschutzerkl\u00e4rung [\/av_textblock] [\/av_one_full] [av_one_half &hellip; Datenschutz weiterlesen &rarr;","og_url":"https:\/\/psychotherapie-weissinger.de\/?page_id=34","og_site_name":"Psychotherapie Weissinger","article_modified_time":"2026-01-30T11:58:40+00:00","twitter_card":"summary_large_image","twitter_misc":{"Gesch\u00e4tzte Lesezeit":"9\u00a0Minuten"},"schema":{"@context":"https:\/\/schema.org","@graph":[{"@type":"WebPage","@id":"https:\/\/psychotherapie-weissinger.de\/?page_id=34","url":"https:\/\/psychotherapie-weissinger.de\/?page_id=34","name":"Datenschutz - Psychotherapie Weissinger","isPartOf":{"@id":"https:\/\/psychotherapie-weissinger.de\/#website"},"datePublished":"2020-12-13T14:44:38+00:00","dateModified":"2026-01-30T11:58:40+00:00","breadcrumb":{"@id":"https:\/\/psychotherapie-weissinger.de\/?page_id=34#breadcrumb"},"inLanguage":"de","potentialAction":[{"@type":"ReadAction","target":["https:\/\/psychotherapie-weissinger.de\/?page_id=34"]}]},{"@type":"BreadcrumbList","@id":"https:\/\/psychotherapie-weissinger.de\/?page_id=34#breadcrumb","itemListElement":[{"@type":"ListItem","position":1,"name":"Startseite","item":"https:\/\/psychotherapie-weissinger.de\/"},{"@type":"ListItem","position":2,"name":"Datenschutz"}]},{"@type":"WebSite","@id":"https:\/\/psychotherapie-weissinger.de\/#website","url":"https:\/\/psychotherapie-weissinger.de\/","name":"Psychotherapie Weissinger","description":"","publisher":{"@id":"https:\/\/psychotherapie-weissinger.de\/#\/schema\/person\/adc74c4e870871782b4d918611217a15"},"potentialAction":[{"@type":"SearchAction","target":{"@type":"EntryPoint","urlTemplate":"https:\/\/psychotherapie-weissinger.de\/?s={search_term_string}"},"query-input":{"@type":"PropertyValueSpecification","valueRequired":true,"valueName":"search_term_string"}}],"inLanguage":"de"},{"@type":["Person","Organization"],"@id":"https:\/\/psychotherapie-weissinger.de\/#\/schema\/person\/adc74c4e870871782b4d918611217a15","name":"admin","image":{"@type":"ImageObject","inLanguage":"de","@id":"https:\/\/secure.gravatar.com\/avatar\/c0b97d87491b6e94f11f95b08a10b24d3c993fddd21f1e2e6e72781b2cd7f39a?s=96&d=mm&r=g","url":"https:\/\/secure.gravatar.com\/avatar\/c0b97d87491b6e94f11f95b08a10b24d3c993fddd21f1e2e6e72781b2cd7f39a?s=96&d=mm&r=g","contentUrl":"https:\/\/secure.gravatar.com\/avatar\/c0b97d87491b6e94f11f95b08a10b24d3c993fddd21f1e2e6e72781b2cd7f39a?s=96&d=mm&r=g","caption":"admin"},"logo":{"@id":"https:\/\/secure.gravatar.com\/avatar\/c0b97d87491b6e94f11f95b08a10b24d3c993fddd21f1e2e6e72781b2cd7f39a?s=96&d=mm&r=g"}}]}},"_links":{"self":[{"href":"https:\/\/psychotherapie-weissinger.de\/index.php?rest_route=\/wp\/v2\/pages\/34","targetHints":{"allow":["GET"]}}],"collection":[{"href":"https:\/\/psychotherapie-weissinger.de\/index.php?rest_route=\/wp\/v2\/pages"}],"about":[{"href":"https:\/\/psychotherapie-weissinger.de\/index.php?rest_route=\/wp\/v2\/types\/page"}],"author":[{"embeddable":true,"href":"https:\/\/psychotherapie-weissinger.de\/index.php?rest_route=\/wp\/v2\/users\/1"}],"replies":[{"embeddable":true,"href":"https:\/\/psychotherapie-weissinger.de\/index.php?rest_route=%2Fwp%2Fv2%2Fcomments&post=34"}],"version-history":[{"count":22,"href":"https:\/\/psychotherapie-weissinger.de\/index.php?rest_route=\/wp\/v2\/pages\/34\/revisions"}],"predecessor-version":[{"id":815,"href":"https:\/\/psychotherapie-weissinger.de\/index.php?rest_route=\/wp\/v2\/pages\/34\/revisions\/815"}],"wp:attachment":[{"href":"https:\/\/psychotherapie-weissinger.de\/index.php?rest_route=%2Fwp%2Fv2%2Fmedia&parent=34"}],"curies":[{"name":"wp","href":"https:\/\/api.w.org\/{rel}","templated":true}]}}